{"id":4888,"date":"2024-09-05T09:42:59","date_gmt":"2024-09-05T07:42:59","guid":{"rendered":"http:\/\/cuno-berufskolleg.de\/?page_id=4888"},"modified":"2024-09-05T09:45:22","modified_gmt":"2024-09-05T07:45:22","slug":"nachhaltigkeit","status":"publish","type":"page","link":"https:\/\/cuno-berufskolleg.de\/en\/nachhaltigkeit\/","title":{"rendered":"Nachhaltigkeit"},"content":{"rendered":"<div data-elementor-type=\"wp-page\" data-elementor-id=\"4888\" class=\"elementor elementor-4888\" data-elementor-post-type=\"page\">\n\t\t\t\t<div class=\"elementor-element elementor-element-74308ac e-flex e-con-boxed e-con e-parent\" data-id=\"74308ac\" data-element_type=\"container\" data-e-type=\"container\">\n\t\t\t\t\t<div class=\"e-con-inner\">\n\t\t\t\t<div class=\"elementor-element elementor-element-2e7b539 elementor-widget elementor-widget-text-editor\" data-id=\"2e7b539\" data-element_type=\"widget\" data-e-type=\"widget\" data-widget_type=\"text-editor.default\">\n\t\t\t\t<div class=\"elementor-widget-container\">\n\t\t\t\t\t\t\t\t\t<p>Das Cuno-Berufskolleg I verankert &#8220;Bildung f\u00fcr nachhaltige Entwicklung (BNE)&#8221; systematisch und f\u00e4cher\u00fcbergreifend mit vier Projekten in den Unterricht als auch in das komplette Schulleben, um Herausforderungen wie Klimawandel und Armut usw. anzugehen. Unser Ziel ist es, dass die Lernenden dadurch Einstellungen und Werte erwerben, die sie neben dem fachlichen Wissen dazu bef\u00e4higen, zu einer nachhaltigeren und friedlicheren Zukunft, wie durch die\u202fSustainable Development Goals\u202f(SDGs) gefordert, beizutragen.\u202f<\/p><p><a href=\"https:\/\/www.bne-portal.de\/bne\/de\/neue-unesco-publikation-zu-bne-und-sdgs.html\">Neue UNESCO-Publikationen zu BNE und SDGs<\/a><\/p>\t\t\t\t\t\t\t\t<\/div>\n\t\t\t\t<\/div>\n\t\t\t\t<div class=\"elementor-element elementor-element-a45dd1c elementor-widget elementor-widget-heading\" data-id=\"a45dd1c\" data-element_type=\"widget\" data-e-type=\"widget\" data-widget_type=\"heading.default\">\n\t\t\t\t<div class=\"elementor-widget-container\">\n\t\t\t\t\t<h2 class=\"elementor-heading-title elementor-size-default\">Unser Team<\/h2>\t\t\t\t<\/div>\n\t\t\t\t<\/div>\n\t\t\t\t\t<\/div>\n\t\t\t\t<\/div>\n\t\t<div class=\"elementor-element elementor-element-2063989 e-flex e-con-boxed e-con e-parent\" data-id=\"2063989\" data-element_type=\"container\" data-e-type=\"container\">\n\t\t\t\t\t<div class=\"e-con-inner\">\n\t\t\t\t<div class=\"elementor-element elementor-element-5c03c41 elementor-widget elementor-widget-image\" data-id=\"5c03c41\" data-element_type=\"widget\" data-e-type=\"widget\" data-widget_type=\"image.default\">\n\t\t\t\t<div class=\"elementor-widget-container\">\n\t\t\t\t\t\t\t\t\t\t\t\t\t\t\t<img fetchpriority=\"high\" decoding=\"async\" width=\"800\" height=\"459\" src=\"https:\/\/cuno-berufskolleg.de\/wp-content\/uploads\/2024\/09\/CUNO-I-22_11_23-46-2023-11-27-14_44_40-1024x588.jpg\" class=\"attachment-large size-large wp-image-4889\" alt=\"\" srcset=\"https:\/\/cuno-berufskolleg.de\/wp-content\/uploads\/2024\/09\/CUNO-I-22_11_23-46-2023-11-27-14_44_40-1024x588.jpg 1024w, https:\/\/cuno-berufskolleg.de\/wp-content\/uploads\/2024\/09\/CUNO-I-22_11_23-46-2023-11-27-14_44_40-300x172.jpg 300w, https:\/\/cuno-berufskolleg.de\/wp-content\/uploads\/2024\/09\/CUNO-I-22_11_23-46-2023-11-27-14_44_40-768x441.jpg 768w, https:\/\/cuno-berufskolleg.de\/wp-content\/uploads\/2024\/09\/CUNO-I-22_11_23-46-2023-11-27-14_44_40-1536x882.jpg 1536w, https:\/\/cuno-berufskolleg.de\/wp-content\/uploads\/2024\/09\/CUNO-I-22_11_23-46-2023-11-27-14_44_40-2048x1176.jpg 2048w, https:\/\/cuno-berufskolleg.de\/wp-content\/uploads\/2024\/09\/CUNO-I-22_11_23-46-2023-11-27-14_44_40-18x10.jpg 18w\" sizes=\"(max-width: 800px) 100vw, 800px\" \/>\t\t\t\t\t\t\t\t\t\t\t\t\t\t\t<\/div>\n\t\t\t\t<\/div>\n\t\t\t\t<div class=\"elementor-element elementor-element-7e9b166 elementor-widget elementor-widget-text-editor\" data-id=\"7e9b166\" data-element_type=\"widget\" data-e-type=\"widget\" data-widget_type=\"text-editor.default\">\n\t\t\t\t<div class=\"elementor-widget-container\">\n\t\t\t\t\t\t\t\t\t<p style=\"text-align: center;\">Jan Westermeyer, Dominique Tomm, Gesa Eindorf-Evers und Sebastian Th\u00fcnken.<\/p>\t\t\t\t\t\t\t\t<\/div>\n\t\t\t\t<\/div>\n\t\t\t\t<div class=\"elementor-element elementor-element-ddef210 elementor-widget elementor-widget-image\" data-id=\"ddef210\" data-element_type=\"widget\" data-e-type=\"widget\" data-widget_type=\"image.default\">\n\t\t\t\t<div class=\"elementor-widget-container\">\n\t\t\t\t\t\t\t\t\t\t\t\t\t\t\t<img decoding=\"async\" width=\"300\" height=\"137\" src=\"https:\/\/cuno-berufskolleg.de\/wp-content\/uploads\/2024\/01\/LOGO_Banner_SDZWir-sind-dabei-2023-12-13-13_44_55-300x137.png\" class=\"attachment-medium size-medium wp-image-3488\" alt=\"\" srcset=\"https:\/\/cuno-berufskolleg.de\/wp-content\/uploads\/2024\/01\/LOGO_Banner_SDZWir-sind-dabei-2023-12-13-13_44_55-300x137.png 300w, https:\/\/cuno-berufskolleg.de\/wp-content\/uploads\/2024\/01\/LOGO_Banner_SDZWir-sind-dabei-2023-12-13-13_44_55-1024x468.png 1024w, https:\/\/cuno-berufskolleg.de\/wp-content\/uploads\/2024\/01\/LOGO_Banner_SDZWir-sind-dabei-2023-12-13-13_44_55-768x351.png 768w, https:\/\/cuno-berufskolleg.de\/wp-content\/uploads\/2024\/01\/LOGO_Banner_SDZWir-sind-dabei-2023-12-13-13_44_55-1536x702.png 1536w, https:\/\/cuno-berufskolleg.de\/wp-content\/uploads\/2024\/01\/LOGO_Banner_SDZWir-sind-dabei-2023-12-13-13_44_55-2048x936.png 2048w, https:\/\/cuno-berufskolleg.de\/wp-content\/uploads\/2024\/01\/LOGO_Banner_SDZWir-sind-dabei-2023-12-13-13_44_55-18x8.png 18w\" sizes=\"(max-width: 300px) 100vw, 300px\" \/>\t\t\t\t\t\t\t\t\t\t\t\t\t\t\t<\/div>\n\t\t\t\t<\/div>\n\t\t\t\t\t<\/div>\n\t\t\t\t<\/div>\n\t\t\t\t<section class=\"elementor-section elementor-top-section elementor-element elementor-element-7ae1f930 elementor-section-content-top elementor-section-boxed elementor-section-height-default elementor-section-height-default\" data-id=\"7ae1f930\" data-element_type=\"section\" data-e-type=\"section\" data-settings=\"{&quot;background_background&quot;:&quot;classic&quot;}\">\n\t\t\t\t\t\t\t<div class=\"elementor-background-overlay\"><\/div>\n\t\t\t\t\t\t\t<div class=\"elementor-container elementor-column-gap-default\">\n\t\t\t\t\t<div class=\"elementor-column elementor-col-50 elementor-top-column elementor-element elementor-element-4bf1cf45\" data-id=\"4bf1cf45\" data-element_type=\"column\" data-e-type=\"column\">\n\t\t\t<div class=\"elementor-widget-wrap elementor-element-populated\">\n\t\t\t\t\t\t<div class=\"elementor-element elementor-element-3280b46d elementor-flip-box--direction-right elementor-flip-box--3d elementor-flip-box--effect-flip elementor-widget elementor-widget-flip-box\" data-id=\"3280b46d\" data-element_type=\"widget\" data-e-type=\"widget\" data-widget_type=\"flip-box.default\">\n\t\t\t\t<div class=\"elementor-widget-container\">\n\t\t\t\t\t\t\t<div class=\"elementor-flip-box\" tabindex=\"0\">\n\t\t\t<div class=\"elementor-flip-box__layer elementor-flip-box__front\">\n\t\t\t\t<div class=\"elementor-flip-box__layer__overlay\">\n\t\t\t\t\t<div class=\"elementor-flip-box__layer__inner\">\n\t\t\t\t\t\t\n\t\t\t\t\t\t\n\t\t\t\t\t\t\t\t\t\t\t<\/div>\n\t\t\t\t<\/div>\n\t\t\t<\/div>\n\t\t\t<div class=\"elementor-flip-box__layer elementor-flip-box__back\">\n\t\t\t<div class=\"elementor-flip-box__layer__overlay\">\n\t\t\t\t<div class=\"elementor-flip-box__layer__inner\">\n\t\t\t\t\t\n\t\t\t\t\t\n\t\t\t\t\t\t\t\t<\/div>\n\t\t<\/div>\n\t\t<\/div>\n\t\t<\/div>\n\t\t\t\t\t\t<\/div>\n\t\t\t\t<\/div>\n\t\t\t\t<section class=\"elementor-section elementor-inner-section elementor-element elementor-element-46bf81b7 elementor-section-boxed elementor-section-height-default elementor-section-height-default\" data-id=\"46bf81b7\" data-element_type=\"section\" data-e-type=\"section\">\n\t\t\t\t\t\t<div class=\"elementor-container elementor-column-gap-default\">\n\t\t\t\t\t<div class=\"elementor-column elementor-col-100 elementor-inner-column elementor-element elementor-element-6e41a5ea\" data-id=\"6e41a5ea\" data-element_type=\"column\" data-e-type=\"column\" data-settings=\"{&quot;background_background&quot;:&quot;classic&quot;}\">\n\t\t\t<div class=\"elementor-widget-wrap elementor-element-populated\">\n\t\t\t\t\t\t<div class=\"elementor-element elementor-element-6321a5d2 elementor-widget elementor-widget-heading\" data-id=\"6321a5d2\" data-element_type=\"widget\" data-e-type=\"widget\" data-widget_type=\"heading.default\">\n\t\t\t\t<div class=\"elementor-widget-container\">\n\t\t\t\t\t<h2 class=\"elementor-heading-title elementor-size-default\">Verantwortung neu denken \u2013 M\u00fclltrennung im Klassenzimmer<\/h2>\t\t\t\t<\/div>\n\t\t\t\t<\/div>\n\t\t\t\t<div class=\"elementor-element elementor-element-5d7ab3b2 elementor-widget elementor-widget-text-editor\" data-id=\"5d7ab3b2\" data-element_type=\"widget\" data-e-type=\"widget\" data-widget_type=\"text-editor.default\">\n\t\t\t\t<div class=\"elementor-widget-container\">\n\t\t\t\t\t\t\t\t\t<p>Verantwortung \u00fcbernimmt man nicht nur f\u00fcr sich, sondern auch f\u00fcr andere. Verantwortung \u00fcbernimmt man demnach auch f\u00fcr seine Umwelt. Die Lernenden der Berufsfachschule Typ I initiierten im vergangenen Schuljahr ein Projekt: Verantwortung neu denken \u2013 M\u00fclltrennung im Klassenzimmer am Cuno Berufskolleg I. Dieses setzt die diesj\u00e4hrige Berufsfachschule Typ I nun in der Praxis um. \u201eWir m\u00f6chten die M\u00fclltrennung vorantreiben.\u201c Und was mit einem kleinen klasseninternen Projekt begann, wird nun langsam und Schritt f\u00fcr Schritt auf weitere Klassen und die gesamte Schule ausgeweitet.\u202fAuch hier \u00fcbernehmen die Lernenden der Berufsfachschule wieder Verantwortung. Selbstst\u00e4ndig tragen sie ihr Projekt mithilfe eines kleinen Imagefilms in den weiteren Klassen vor, werben f\u00fcr es und stehen f\u00fcr Rede und Antwort bereit. Und sorgen zudem f\u00fcr die Leerung von Papier- und Verpackungsm\u00fcll.\u00a0 <\/p>\t\t\t\t\t\t\t\t<\/div>\n\t\t\t\t<\/div>\n\t\t\t\t\t<\/div>\n\t\t<\/div>\n\t\t\t\t\t<\/div>\n\t\t<\/section>\n\t\t\t\t\t<\/div>\n\t\t<\/div>\n\t\t\t\t<div class=\"elementor-column elementor-col-50 elementor-top-column elementor-element elementor-element-7af31666\" data-id=\"7af31666\" data-element_type=\"column\" data-e-type=\"column\">\n\t\t\t<div class=\"elementor-widget-wrap elementor-element-populated\">\n\t\t\t\t\t\t<div class=\"elementor-element elementor-element-75b3e39f elementor-flip-box--direction-right elementor-flip-box--3d elementor-flip-box--effect-flip elementor-widget elementor-widget-flip-box\" data-id=\"75b3e39f\" data-element_type=\"widget\" data-e-type=\"widget\" data-widget_type=\"flip-box.default\">\n\t\t\t\t<div class=\"elementor-widget-container\">\n\t\t\t\t\t\t\t<div class=\"elementor-flip-box\" tabindex=\"0\">\n\t\t\t<div class=\"elementor-flip-box__layer elementor-flip-box__front\">\n\t\t\t\t<div class=\"elementor-flip-box__layer__overlay\">\n\t\t\t\t\t<div class=\"elementor-flip-box__layer__inner\">\n\t\t\t\t\t\t\n\t\t\t\t\t\t\n\t\t\t\t\t\t\t\t\t\t\t<\/div>\n\t\t\t\t<\/div>\n\t\t\t<\/div>\n\t\t\t<div class=\"elementor-flip-box__layer elementor-flip-box__back\">\n\t\t\t<div class=\"elementor-flip-box__layer__overlay\">\n\t\t\t\t<div class=\"elementor-flip-box__layer__inner\">\n\t\t\t\t\t\n\t\t\t\t\t\n\t\t\t\t\t\t\t\t<\/div>\n\t\t<\/div>\n\t\t<\/div>\n\t\t<\/div>\n\t\t\t\t\t\t<\/div>\n\t\t\t\t<\/div>\n\t\t\t\t<section class=\"elementor-section elementor-inner-section elementor-element elementor-element-7901c266 elementor-section-boxed elementor-section-height-default elementor-section-height-default\" data-id=\"7901c266\" data-element_type=\"section\" data-e-type=\"section\">\n\t\t\t\t\t\t<div class=\"elementor-container elementor-column-gap-default\">\n\t\t\t\t\t<div class=\"elementor-column elementor-col-100 elementor-inner-column elementor-element elementor-element-72fef46f\" data-id=\"72fef46f\" data-element_type=\"column\" data-e-type=\"column\" data-settings=\"{&quot;background_background&quot;:&quot;classic&quot;}\">\n\t\t\t<div class=\"elementor-widget-wrap elementor-element-populated\">\n\t\t\t\t\t\t<div class=\"elementor-element elementor-element-14f4833d elementor-widget elementor-widget-heading\" data-id=\"14f4833d\" data-element_type=\"widget\" data-e-type=\"widget\" data-widget_type=\"heading.default\">\n\t\t\t\t<div class=\"elementor-widget-container\">\n\t\t\t\t\t<h2 class=\"elementor-heading-title elementor-size-default\">Planspiel Ressourceneffizienz<\/h2>\t\t\t\t<\/div>\n\t\t\t\t<\/div>\n\t\t\t\t<div class=\"elementor-element elementor-element-6405ef90 elementor-widget elementor-widget-text-editor\" data-id=\"6405ef90\" data-element_type=\"widget\" data-e-type=\"widget\" data-widget_type=\"text-editor.default\">\n\t\t\t\t<div class=\"elementor-widget-container\">\n\t\t\t\t\t\t\t\t\t<p>Im Rahmen des Planspiels \u00fcbernehmen die Lernenden individuelle Rollen innerhalb eines ineffizienten Montageprozesses und sind aufgefordert, in aufeinander folgenden Runden kooperativ im Team vorhandene Verschwendungen aufzudecken und gemeinsam geeignete Verbesserungsma\u00dfnahmen zu entwickeln, diese umzusetzen und deren Wirkung zu bewerten. So lernen sie zum einen grundlegende,\u202finnovative Leanmethoden sowie Nachhaltigkeitsans\u00e4tze und -strategien zur Optimierung und Verschwendungsreduktion kennen. <br \/>\u00a0<br \/>Weitere Ziele\u202fdes Projektes\u202f <br \/>-\u202fBewusstseinsentwicklung f\u00fcr versteckte Kosten in\u202fProduktionsabl\u00e4ufen. <br \/>-\u202fErkennen der Verkn\u00fcpfung von Lean and Green\u202f-\u202fd. h., dass eine Reduktion der\u202f <br \/>Verschwendung meist auch eine Reduktion der CO2-Emissionen zur Folge hat.\u202f <br \/>-\u202fM\u00f6glichkeiten zur Reduktion von Treibhausgasemissionen aufzeigen.\u202f <br \/>-\u202fVerbesserung der Transparenz von Material- und Informationsfl\u00fcssen. <br \/>-\u202fSt\u00e4rkung der Sozialkompetenz, insbesondere durch Training von Kommunikations-\u202fund Probleml\u00f6sungskompetenzen sowie Teamarbeit.\u00a0 <br \/><br \/><\/p>\t\t\t\t\t\t\t\t<\/div>\n\t\t\t\t<\/div>\n\t\t\t\t\t<\/div>\n\t\t<\/div>\n\t\t\t\t\t<\/div>\n\t\t<\/section>\n\t\t\t\t\t<\/div>\n\t\t<\/div>\n\t\t\t\t\t<\/div>\n\t\t<\/section>\n\t\t\t\t<section class=\"elementor-section elementor-top-section elementor-element elementor-element-5f21068 elementor-section-boxed elementor-section-height-default elementor-section-height-default\" data-id=\"5f21068\" data-element_type=\"section\" data-e-type=\"section\" data-settings=\"{&quot;background_background&quot;:&quot;classic&quot;}\">\n\t\t\t\t\t\t\t<div class=\"elementor-background-overlay\"><\/div>\n\t\t\t\t\t\t\t<div class=\"elementor-container elementor-column-gap-default\">\n\t\t\t\t\t<div class=\"elementor-column elementor-col-50 elementor-top-column elementor-element elementor-element-7f4f614\" data-id=\"7f4f614\" data-element_type=\"column\" data-e-type=\"column\">\n\t\t\t<div class=\"elementor-widget-wrap elementor-element-populated\">\n\t\t\t\t\t\t<div class=\"elementor-element elementor-element-c9ac33d elementor-flip-box--direction-right elementor-flip-box--3d elementor-flip-box--effect-flip elementor-widget elementor-widget-flip-box\" data-id=\"c9ac33d\" data-element_type=\"widget\" data-e-type=\"widget\" data-widget_type=\"flip-box.default\">\n\t\t\t\t<div class=\"elementor-widget-container\">\n\t\t\t\t\t\t\t<div class=\"elementor-flip-box\" tabindex=\"0\">\n\t\t\t<div class=\"elementor-flip-box__layer elementor-flip-box__front\">\n\t\t\t\t<div class=\"elementor-flip-box__layer__overlay\">\n\t\t\t\t\t<div class=\"elementor-flip-box__layer__inner\">\n\t\t\t\t\t\t\n\t\t\t\t\t\t\n\t\t\t\t\t\t\t\t\t\t\t<\/div>\n\t\t\t\t<\/div>\n\t\t\t<\/div>\n\t\t\t<div class=\"elementor-flip-box__layer elementor-flip-box__back\">\n\t\t\t<div class=\"elementor-flip-box__layer__overlay\">\n\t\t\t\t<div class=\"elementor-flip-box__layer__inner\">\n\t\t\t\t\t\n\t\t\t\t\t\n\t\t\t\t\t\t\t\t<\/div>\n\t\t<\/div>\n\t\t<\/div>\n\t\t<\/div>\n\t\t\t\t\t\t<\/div>\n\t\t\t\t<\/div>\n\t\t\t\t<section class=\"elementor-section elementor-inner-section elementor-element elementor-element-db2fe8d elementor-section-boxed elementor-section-height-default elementor-section-height-default\" data-id=\"db2fe8d\" data-element_type=\"section\" data-e-type=\"section\">\n\t\t\t\t\t\t<div class=\"elementor-container elementor-column-gap-default\">\n\t\t\t\t\t<div class=\"elementor-column elementor-col-100 elementor-inner-column elementor-element elementor-element-db76559\" data-id=\"db76559\" data-element_type=\"column\" data-e-type=\"column\" data-settings=\"{&quot;background_background&quot;:&quot;classic&quot;}\">\n\t\t\t<div class=\"elementor-widget-wrap elementor-element-populated\">\n\t\t\t\t\t\t<div class=\"elementor-element elementor-element-46b7ab7 elementor-widget elementor-widget-heading\" data-id=\"46b7ab7\" data-element_type=\"widget\" data-e-type=\"widget\" data-widget_type=\"heading.default\">\n\t\t\t\t<div class=\"elementor-widget-container\">\n\t\t\t\t\t<h2 class=\"elementor-heading-title elementor-size-default\">Trinkwasserqualit\u00e4ts-\u00fcberwachung im Schulgeb\u00e4ude<\/h2>\t\t\t\t<\/div>\n\t\t\t\t<\/div>\n\t\t\t\t<div class=\"elementor-element elementor-element-2f015d0 elementor-widget elementor-widget-text-editor\" data-id=\"2f015d0\" data-element_type=\"widget\" data-e-type=\"widget\" data-widget_type=\"text-editor.default\">\n\t\t\t\t<div class=\"elementor-widget-container\">\n\t\t\t\t\t\t\t\t\t<p>Die Auszubildenden (Fachinformatiker*Innen und IT-Systemelektroniker*Innen, 2. Lehrjahr) lernen Trinkwasser als wertvolle Ressource sch\u00e4tzen und setzen eine Wasserleitungs- \/ Zapfstellen\u00fcberwachung um, damit das Trinkwasser in der Schule genie\u00dfbar bleibt. <br \/>Zudem ist eine Vernetzung mit dem \u00f6rtlichen Wasserversorger und der Kommunalen IT vorgesehen. Der Wasserversorger soll unsere \u00dcberwachung analytisch verifizieren, der Kommunale IT-Dienstleiter soll mit den Auszubildenden zusammen ein LoRa Gaterway f\u00fcr das The Things Network bereitstellen, das dann im Innenstadtbereich anderen Diensten und Nutzern von LoRa dieser Infrastruktur allgemeinn\u00fctzig zur Verf\u00fcgung stellt. Bei der Entwicklung der SW und HW sollen die Auszubildenden lernen, wie ressourcenschonend und energieeffizient die technischen M\u00f6glichkeiten von bestimmten Microcontrollern genutzt werden k\u00f6nnen. <br \/><br \/><\/p>\t\t\t\t\t\t\t\t<\/div>\n\t\t\t\t<\/div>\n\t\t\t\t\t<\/div>\n\t\t<\/div>\n\t\t\t\t\t<\/div>\n\t\t<\/section>\n\t\t\t\t\t<\/div>\n\t\t<\/div>\n\t\t\t\t<div class=\"elementor-column elementor-col-50 elementor-top-column elementor-element elementor-element-78f15b2\" data-id=\"78f15b2\" data-element_type=\"column\" data-e-type=\"column\">\n\t\t\t<div class=\"elementor-widget-wrap elementor-element-populated\">\n\t\t\t\t\t\t<div class=\"elementor-element elementor-element-e53eb0a elementor-flip-box--direction-right elementor-flip-box--3d elementor-flip-box--effect-flip elementor-widget elementor-widget-flip-box\" data-id=\"e53eb0a\" data-element_type=\"widget\" data-e-type=\"widget\" data-widget_type=\"flip-box.default\">\n\t\t\t\t<div class=\"elementor-widget-container\">\n\t\t\t\t\t\t\t<div class=\"elementor-flip-box\" tabindex=\"0\">\n\t\t\t<div class=\"elementor-flip-box__layer elementor-flip-box__front\">\n\t\t\t\t<div class=\"elementor-flip-box__layer__overlay\">\n\t\t\t\t\t<div class=\"elementor-flip-box__layer__inner\">\n\t\t\t\t\t\t\n\t\t\t\t\t\t\n\t\t\t\t\t\t\t\t\t\t\t<\/div>\n\t\t\t\t<\/div>\n\t\t\t<\/div>\n\t\t\t<div class=\"elementor-flip-box__layer elementor-flip-box__back\">\n\t\t\t<div class=\"elementor-flip-box__layer__overlay\">\n\t\t\t\t<div class=\"elementor-flip-box__layer__inner\">\n\t\t\t\t\t\n\t\t\t\t\t\n\t\t\t\t\t\t\t\t<\/div>\n\t\t<\/div>\n\t\t<\/div>\n\t\t<\/div>\n\t\t\t\t\t\t<\/div>\n\t\t\t\t<\/div>\n\t\t\t\t<section class=\"elementor-section elementor-inner-section elementor-element elementor-element-db6fd22 elementor-section-boxed elementor-section-height-default elementor-section-height-default\" data-id=\"db6fd22\" data-element_type=\"section\" data-e-type=\"section\">\n\t\t\t\t\t\t<div class=\"elementor-container elementor-column-gap-default\">\n\t\t\t\t\t<div class=\"elementor-column elementor-col-100 elementor-inner-column elementor-element elementor-element-2e18cd1\" data-id=\"2e18cd1\" data-element_type=\"column\" data-e-type=\"column\" data-settings=\"{&quot;background_background&quot;:&quot;classic&quot;}\">\n\t\t\t<div class=\"elementor-widget-wrap elementor-element-populated\">\n\t\t\t\t\t\t<div class=\"elementor-element elementor-element-6045b71 elementor-widget elementor-widget-heading\" data-id=\"6045b71\" data-element_type=\"widget\" data-e-type=\"widget\" data-widget_type=\"heading.default\">\n\t\t\t\t<div class=\"elementor-widget-container\">\n\t\t\t\t\t<h2 class=\"elementor-heading-title elementor-size-default\">Menschfreundlich handeln<\/h2>\t\t\t\t<\/div>\n\t\t\t\t<\/div>\n\t\t\t\t<div class=\"elementor-element elementor-element-a25a279 elementor-widget elementor-widget-text-editor\" data-id=\"a25a279\" data-element_type=\"widget\" data-e-type=\"widget\" data-widget_type=\"text-editor.default\">\n\t\t\t\t<div class=\"elementor-widget-container\">\n\t\t\t\t\t\t\t\t\t<p>Menschfreundlich handeln &#8211; klingt selbstverst\u00e4ndlich, oder? Aber die Ereignisse in Halle, Hanau und hier bei uns in Hagen zeigen, dass es doch keine Selbstverst\u00e4ndlichkeit ist. <br \/>\u00a0<br \/>Hast du dich schon mal gefragt, wieso Menschen andere Personengruppen hassen, diese nicht haben wollen und sie m\u00f6glicherweise angreifen? Oder hast du das Gef\u00fchl, dass du in der Gesellschaft nicht gewollt bist und hast Ausgrenzungs-\/ Diskriminierungserfahrungen? Und schon mal dar\u00fcber nachgedacht aktiv etwas daran zu tun und mit anderen \u00fcber Erfahrungen zu sprechen, um Strategien zu entwickeln? Wenn dich Themen wie Vielfalt, Diskriminierung, Rassismus und Demokratie interessieren, dann werde Demokratief\u00f6rderer*in! <br \/>Du hast die M\u00f6glichkeit \u00fcber eigene Diskriminierungserfahrungen zu sprechen, Handlungsm\u00f6glichkeiten auszuarbeiten und dich aktiv gegen Diskriminierung und f\u00fcr Demokratie und Vielfalt einzusetzen! Am Ende bekommst Du ein Zertifikat und kannst zeigen, was DU aktiv unternimmst und andere dazu animieren dies auch zu tun. <\/p>\t\t\t\t\t\t\t\t<\/div>\n\t\t\t\t<\/div>\n\t\t\t\t\t<\/div>\n\t\t<\/div>\n\t\t\t\t\t<\/div>\n\t\t<\/section>\n\t\t\t\t\t<\/div>\n\t\t<\/div>\n\t\t\t\t\t<\/div>\n\t\t<\/section>\n\t\t\t\t<\/div>","protected":false},"excerpt":{"rendered":"<p>Das Cuno-Berufskolleg I verankert &#8220;Bildung f\u00fcr nachhaltige Entwicklung (BNE)&#8221; systematisch und f\u00e4cher\u00fcbergreifend mit vier Projekten in den Unterricht als auch in das komplette Schulleben, um Herausforderungen wie Klimawandel und Armut usw. anzugehen. Unser Ziel ist es, dass die Lernenden dadurch Einstellungen und Werte erwerben, die sie neben dem fachlichen Wissen dazu bef\u00e4higen, zu einer nachhaltigeren [&hellip;]<\/p>\n","protected":false},"author":14,"featured_media":0,"parent":0,"menu_order":0,"comment_status":"closed","ping_status":"closed","template":"","meta":{"footnotes":""},"class_list":["post-4888","page","type-page","status-publish","hentry"],"publishpress_future_action":{"enabled":false,"date":"2026-05-06 15:27:02","action":"change-status","newStatus":"draft","terms":[],"taxonomy":"","extraData":[]},"publishpress_future_workflow_manual_trigger":{"enabledWorkflows":[]},"_links":{"self":[{"href":"https:\/\/cuno-berufskolleg.de\/en\/wp-json\/wp\/v2\/pages\/4888","targetHints":{"allow":["GET"]}}],"collection":[{"href":"https:\/\/cuno-berufskolleg.de\/en\/wp-json\/wp\/v2\/pages"}],"about":[{"href":"https:\/\/cuno-berufskolleg.de\/en\/wp-json\/wp\/v2\/types\/page"}],"author":[{"embeddable":true,"href":"https:\/\/cuno-berufskolleg.de\/en\/wp-json\/wp\/v2\/users\/14"}],"replies":[{"embeddable":true,"href":"https:\/\/cuno-berufskolleg.de\/en\/wp-json\/wp\/v2\/comments?post=4888"}],"version-history":[{"count":4,"href":"https:\/\/cuno-berufskolleg.de\/en\/wp-json\/wp\/v2\/pages\/4888\/revisions"}],"predecessor-version":[{"id":4894,"href":"https:\/\/cuno-berufskolleg.de\/en\/wp-json\/wp\/v2\/pages\/4888\/revisions\/4894"}],"wp:attachment":[{"href":"https:\/\/cuno-berufskolleg.de\/en\/wp-json\/wp\/v2\/media?parent=4888"}],"curies":[{"name":"wp","href":"https:\/\/api.w.org\/{rel}","templated":true}]}}