{"id":37,"date":"2023-06-29T09:56:46","date_gmt":"2023-06-29T07:56:46","guid":{"rendered":"http:\/\/cuno-berufskolleg.de\/?page_id=37"},"modified":"2024-09-10T10:07:55","modified_gmt":"2024-09-10T08:07:55","slug":"erasmus_alt","status":"publish","type":"page","link":"https:\/\/cuno-berufskolleg.de\/en\/erasmus_alt\/","title":{"rendered":"Erasmus+_alt"},"content":{"rendered":"<div data-elementor-type=\"wp-page\" data-elementor-id=\"37\" class=\"elementor elementor-37\" data-elementor-post-type=\"page\">\n\t\t\t\t<div class=\"elementor-element elementor-element-fedb89e e-flex e-con-boxed e-con e-parent\" data-id=\"fedb89e\" data-element_type=\"container\" data-e-type=\"container\">\n\t\t\t\t\t<div class=\"e-con-inner\">\n\t\t\t\t<div class=\"elementor-element elementor-element-c9a3b45 elementor-widget elementor-widget-text-editor\" data-id=\"c9a3b45\" data-element_type=\"widget\" data-e-type=\"widget\" data-widget_type=\"text-editor.default\">\n\t\t\t\t<div class=\"elementor-widget-container\">\n\t\t\t\t\t\t\t\t\t<p>Im Schuljahr 2021\/22 hat das Cuno Berufskolleg I zum ersten Mal erfolgreich am Erasmus+ Programm teilgenommen und sowohl Sch\u00fclermobilit\u00e4ten als auch digitale Projekte mit europ\u00e4ischen Partnerorganisationen durchgef\u00fchrt.<\/p>\t\t\t\t\t\t\t\t<\/div>\n\t\t\t\t<\/div>\n\t\t\t\t\t<\/div>\n\t\t\t\t<\/div>\n\t\t<div class=\"elementor-element elementor-element-0495e9d e-flex e-con-boxed e-con e-parent\" data-id=\"0495e9d\" data-element_type=\"container\" data-e-type=\"container\">\n\t\t\t\t\t<div class=\"e-con-inner\">\n\t\t\t\t<div class=\"elementor-element elementor-element-7cf23e6 elementor-widget elementor-widget-text-editor\" data-id=\"7cf23e6\" data-element_type=\"widget\" data-e-type=\"widget\" data-widget_type=\"text-editor.default\">\n\t\t\t\t<div class=\"elementor-widget-container\">\n\t\t\t\t\t\t\t\t\t<p>So bekamen bereits 8 unserer Auszubildenden der Industriemechaniker, Verfahrenstechnologen, Mechatroniker und IT-Systemadministratoren und IT-Kaufleute die M\u00f6glichkeit an einer Mobilit\u00e4t teilzunehmen und verbrachten vier Wochen bei unseren europ\u00e4ischen Partnern in Rovereto (Italien), Brescia (Italien) Valladolid (Spanien) und Dublin (Irland). Weitere Mobilit\u00e4ten in Frankreich, Libourne (bei Bordeaux) und Caen sind bereits geplant.<\/p>\t\t\t\t\t\t\t\t<\/div>\n\t\t\t\t<\/div>\n\t\t\t\t\t<\/div>\n\t\t\t\t<\/div>\n\t\t<div class=\"elementor-element elementor-element-63f8ed2 e-flex e-con-boxed e-con e-parent\" data-id=\"63f8ed2\" data-element_type=\"container\" data-e-type=\"container\">\n\t\t\t\t\t<div class=\"e-con-inner\">\n\t\t\t\t<div class=\"elementor-element elementor-element-1d982c9 elementor-widget elementor-widget-text-editor\" data-id=\"1d982c9\" data-element_type=\"widget\" data-e-type=\"widget\" data-widget_type=\"text-editor.default\">\n\t\t\t\t<div class=\"elementor-widget-container\">\n\t\t\t\t\t\t\t\t\t<p>Gleichzeitig hie\u00df das Cuno Berufskolleg Sch\u00fcler und Sch\u00fclerinnen aus Spanien willkommen. Auch franz\u00f6siche Sch\u00fcler werden uns demn\u00e4chst besuchen. Der Ausbildungsbetrieb C.D. W\u00e4lzholz stellte dazu mehrere Paktikumspl\u00e4tze bereit.<\/p>\t\t\t\t\t\t\t\t<\/div>\n\t\t\t\t<\/div>\n\t\t\t\t\t<\/div>\n\t\t\t\t<\/div>\n\t\t<div class=\"elementor-element elementor-element-03de3c4 e-flex e-con-boxed e-con e-parent\" data-id=\"03de3c4\" data-element_type=\"container\" data-e-type=\"container\">\n\t\t\t\t\t<div class=\"e-con-inner\">\n\t\t\t\t<div class=\"elementor-element elementor-element-efcee4a elementor-widget elementor-widget-text-editor\" data-id=\"efcee4a\" data-element_type=\"widget\" data-e-type=\"widget\" data-widget_type=\"text-editor.default\">\n\t\t\t\t<div class=\"elementor-widget-container\">\n\t\t\t\t\t\t\t\t\t<p>W\u00e4hrend der mehrw\u00f6chigen Auslandsaufenthalte bekamen die Sch\u00fcler und Sch\u00fclerinnen des Cuno-Berufskollegs I nicht nur einen Einblick in die betrieblichen Abl\u00e4ufe ausl\u00e4ndischer Firmen, bei denen sie praktische Berufserfahrung sammeln konnten. Sie erlebten au\u00dferdem einen kulturellen Austausch und konnten internationale Freundschaften und professionelle Beziehungen kn\u00fcpfen.<\/p>\t\t\t\t\t\t\t\t<\/div>\n\t\t\t\t<\/div>\n\t\t\t\t\t<\/div>\n\t\t\t\t<\/div>\n\t\t<div class=\"elementor-element elementor-element-f777c00 e-flex e-con-boxed e-con e-parent\" data-id=\"f777c00\" data-element_type=\"container\" data-e-type=\"container\">\n\t\t\t\t\t<div class=\"e-con-inner\">\n\t\t\t\t<div class=\"elementor-element elementor-element-d31ce7c elementor--h-position-center elementor--v-position-middle elementor-arrows-position-inside elementor-pagination-position-inside elementor-widget elementor-widget-slides\" data-id=\"d31ce7c\" data-element_type=\"widget\" data-e-type=\"widget\" data-settings=\"{&quot;navigation&quot;:&quot;both&quot;,&quot;autoplay&quot;:&quot;yes&quot;,&quot;pause_on_hover&quot;:&quot;yes&quot;,&quot;pause_on_interaction&quot;:&quot;yes&quot;,&quot;autoplay_speed&quot;:5000,&quot;infinite&quot;:&quot;yes&quot;,&quot;transition&quot;:&quot;slide&quot;,&quot;transition_speed&quot;:500}\" data-widget_type=\"slides.default\">\n\t\t\t\t<div class=\"elementor-widget-container\">\n\t\t\t\t\t\t\t\t\t<div class=\"elementor-swiper\">\n\t\t\t\t\t<div class=\"elementor-slides-wrapper elementor-main-swiper swiper\" role=\"region\" aria-roledescription=\"carousel\" aria-label=\"Slider\" dir=\"ltr\" data-animation=\"fadeInUp\">\n\t\t\t\t<div class=\"swiper-wrapper elementor-slides\">\n\t\t\t\t\t\t\t\t\t\t<div class=\"elementor-repeater-item-b43b947 swiper-slide\" role=\"group\" aria-roledescription=\"slide\"><div class=\"swiper-slide-bg\" role=\"img\" aria-label=\"Bild1\"><\/div><div class=\"swiper-slide-inner\" ><div class=\"swiper-slide-contents\"><div class=\"elementor-slide-heading\">Gruppenfoto vor der Kathedrale in Mailand<\/div><\/div><\/div><\/div><div class=\"elementor-repeater-item-d440b9c swiper-slide\" role=\"group\" aria-roledescription=\"slide\"><div class=\"swiper-slide-bg\" role=\"img\" aria-label=\"Bild2\"><\/div><div class=\"swiper-slide-inner\" ><div class=\"swiper-slide-contents\"><div class=\"elementor-slide-heading\">Inspektion an einam Fiat Panda 4x4<\/div><\/div><\/div><\/div><div class=\"elementor-repeater-item-0d1ce0c swiper-slide\" role=\"group\" aria-roledescription=\"slide\"><div class=\"swiper-slide-bg\" role=\"img\" aria-label=\"Bild3\"><\/div><div class=\"swiper-slide-inner\" ><div class=\"swiper-slide-contents\"><div class=\"elementor-slide-heading\">Praktikum bei Industrias Maxi in Valladolid, Spanien<\/div><\/div><\/div><\/div>\t\t\t\t<\/div>\n\t\t\t\t\t\t\t\t\t\t\t\t\t\t\t<div class=\"elementor-swiper-button elementor-swiper-button-prev\" role=\"button\" tabindex=\"0\" aria-label=\"Vorheriger Slide\">\n\t\t\t\t\t\t\t<svg aria-hidden=\"true\" class=\"e-font-icon-svg e-eicon-chevron-left\" viewbox=\"0 0 1000 1000\" xmlns=\"http:\/\/www.w3.org\/2000\/svg\"><path d=\"M646 125C629 125 613 133 604 142L308 442C296 454 292 471 292 487 292 504 296 521 308 533L604 854C617 867 629 875 646 875 663 875 679 871 692 858 704 846 713 829 713 812 713 796 708 779 692 767L438 487 692 225C700 217 708 204 708 187 708 171 704 154 692 142 675 129 663 125 646 125Z\"><\/path><\/svg>\t\t\t\t\t\t<\/div>\n\t\t\t\t\t\t<div class=\"elementor-swiper-button elementor-swiper-button-next\" role=\"button\" tabindex=\"0\" aria-label=\"N\u00e4chster Slide\">\n\t\t\t\t\t\t\t<svg aria-hidden=\"true\" class=\"e-font-icon-svg e-eicon-chevron-right\" viewbox=\"0 0 1000 1000\" xmlns=\"http:\/\/www.w3.org\/2000\/svg\"><path d=\"M696 533C708 521 713 504 713 487 713 471 708 454 696 446L400 146C388 133 375 125 354 125 338 125 325 129 313 142 300 154 292 171 292 187 292 204 296 221 308 233L563 492 304 771C292 783 288 800 288 817 288 833 296 850 308 863 321 871 338 875 354 875 371 875 388 867 400 854L696 533Z\"><\/path><\/svg>\t\t\t\t\t\t<\/div>\n\t\t\t\t\t\t\t\t\t\t\t\t\t\t\t\t<div class=\"swiper-pagination\"><\/div>\n\t\t\t\t\t\t\t\t\t\t\t\t<\/div>\n\t\t\t\t<\/div>\n\t\t\t\t\t\t\t\t<\/div>\n\t\t\t\t<\/div>\n\t\t\t\t\t<\/div>\n\t\t\t\t<\/div>\n\t\t<div class=\"elementor-element elementor-element-88e7413 e-flex e-con-boxed e-con e-parent\" data-id=\"88e7413\" data-element_type=\"container\" data-e-type=\"container\">\n\t\t\t\t\t<div class=\"e-con-inner\">\n\t\t\t\t<div class=\"elementor-element elementor-element-7416e19 elementor-widget elementor-widget-text-editor\" data-id=\"7416e19\" data-element_type=\"widget\" data-e-type=\"widget\" data-widget_type=\"text-editor.default\">\n\t\t\t\t<div class=\"elementor-widget-container\">\n\t\t\t\t\t\t\t\t\t<p>Wir sagen Gracias, Grazie, Thank you und Merci an alle Partnerorganisationen, Betriebe und Mitwirkenden und freuen uns auch in diesem Schuljahr auf spannende Projekte und Austausche!<\/p>\t\t\t\t\t\t\t\t<\/div>\n\t\t\t\t<\/div>\n\t\t\t\t\t<\/div>\n\t\t\t\t<\/div>\n\t\t<div class=\"elementor-element elementor-element-4d893da e-grid e-con-boxed e-con e-parent\" data-id=\"4d893da\" data-element_type=\"container\" data-e-type=\"container\">\n\t\t\t\t\t<div class=\"e-con-inner\">\n\t\t\t\t<div class=\"elementor-element elementor-element-56e764e elementor-widget elementor-widget-image\" data-id=\"56e764e\" data-element_type=\"widget\" data-e-type=\"widget\" data-widget_type=\"image.default\">\n\t\t\t\t<div class=\"elementor-widget-container\">\n\t\t\t\t\t\t\t\t\t\t\t\t\t\t\t<img decoding=\"async\" width=\"235\" height=\"100\" src=\"https:\/\/cuno-berufskolleg.de\/wp-content\/uploads\/2024\/01\/01.png\" class=\"attachment-large size-large wp-image-3034\" alt=\"\" srcset=\"https:\/\/cuno-berufskolleg.de\/wp-content\/uploads\/2024\/01\/01.png 235w, https:\/\/cuno-berufskolleg.de\/wp-content\/uploads\/2024\/01\/01-18x8.png 18w\" sizes=\"(max-width: 235px) 100vw, 235px\" \/>\t\t\t\t\t\t\t\t\t\t\t\t\t\t\t<\/div>\n\t\t\t\t<\/div>\n\t\t\t\t<div class=\"elementor-element elementor-element-17865bf elementor-widget elementor-widget-image\" data-id=\"17865bf\" data-element_type=\"widget\" data-e-type=\"widget\" data-widget_type=\"image.default\">\n\t\t\t\t<div class=\"elementor-widget-container\">\n\t\t\t\t\t\t\t\t\t\t\t\t\t\t\t<img decoding=\"async\" width=\"323\" height=\"66\" src=\"https:\/\/cuno-berufskolleg.de\/wp-content\/uploads\/2024\/01\/02.png\" class=\"attachment-large size-large wp-image-3035\" alt=\"\" srcset=\"https:\/\/cuno-berufskolleg.de\/wp-content\/uploads\/2024\/01\/02.png 323w, https:\/\/cuno-berufskolleg.de\/wp-content\/uploads\/2024\/01\/02-300x61.png 300w, https:\/\/cuno-berufskolleg.de\/wp-content\/uploads\/2024\/01\/02-18x4.png 18w\" sizes=\"(max-width: 323px) 100vw, 323px\" \/>\t\t\t\t\t\t\t\t\t\t\t\t\t\t\t<\/div>\n\t\t\t\t<\/div>\n\t\t\t\t<div class=\"elementor-element elementor-element-11aad85 elementor-widget elementor-widget-image\" data-id=\"11aad85\" data-element_type=\"widget\" data-e-type=\"widget\" data-widget_type=\"image.default\">\n\t\t\t\t<div class=\"elementor-widget-container\">\n\t\t\t\t\t\t\t\t\t\t\t\t\t\t\t<img decoding=\"async\" width=\"175\" height=\"83\" src=\"https:\/\/cuno-berufskolleg.de\/wp-content\/uploads\/2024\/01\/03.png\" class=\"attachment-large size-large wp-image-3036\" alt=\"\" srcset=\"https:\/\/cuno-berufskolleg.de\/wp-content\/uploads\/2024\/01\/03.png 175w, https:\/\/cuno-berufskolleg.de\/wp-content\/uploads\/2024\/01\/03-18x9.png 18w\" sizes=\"(max-width: 175px) 100vw, 175px\" \/>\t\t\t\t\t\t\t\t\t\t\t\t\t\t\t<\/div>\n\t\t\t\t<\/div>\n\t\t\t\t<div class=\"elementor-element elementor-element-d41581f elementor-widget elementor-widget-image\" data-id=\"d41581f\" data-element_type=\"widget\" data-e-type=\"widget\" data-widget_type=\"image.default\">\n\t\t\t\t<div class=\"elementor-widget-container\">\n\t\t\t\t\t\t\t\t\t\t\t\t\t\t\t<img loading=\"lazy\" decoding=\"async\" width=\"260\" height=\"70\" src=\"https:\/\/cuno-berufskolleg.de\/wp-content\/uploads\/2024\/01\/04.png\" class=\"attachment-large size-large wp-image-3037\" alt=\"\" srcset=\"https:\/\/cuno-berufskolleg.de\/wp-content\/uploads\/2024\/01\/04.png 260w, https:\/\/cuno-berufskolleg.de\/wp-content\/uploads\/2024\/01\/04-18x5.png 18w\" sizes=\"(max-width: 260px) 100vw, 260px\" \/>\t\t\t\t\t\t\t\t\t\t\t\t\t\t\t<\/div>\n\t\t\t\t<\/div>\n\t\t\t\t<div class=\"elementor-element elementor-element-f5b3854 elementor-widget elementor-widget-image\" data-id=\"f5b3854\" data-element_type=\"widget\" data-e-type=\"widget\" data-widget_type=\"image.default\">\n\t\t\t\t<div class=\"elementor-widget-container\">\n\t\t\t\t\t\t\t\t\t\t\t\t\t\t\t<img loading=\"lazy\" decoding=\"async\" width=\"422\" height=\"73\" src=\"https:\/\/cuno-berufskolleg.de\/wp-content\/uploads\/2024\/01\/05.png\" class=\"attachment-large size-large wp-image-3038\" alt=\"\" srcset=\"https:\/\/cuno-berufskolleg.de\/wp-content\/uploads\/2024\/01\/05.png 422w, https:\/\/cuno-berufskolleg.de\/wp-content\/uploads\/2024\/01\/05-300x52.png 300w, https:\/\/cuno-berufskolleg.de\/wp-content\/uploads\/2024\/01\/05-18x3.png 18w\" sizes=\"(max-width: 422px) 100vw, 422px\" \/>\t\t\t\t\t\t\t\t\t\t\t\t\t\t\t<\/div>\n\t\t\t\t<\/div>\n\t\t\t\t<div class=\"elementor-element elementor-element-cdbd062 elementor-widget elementor-widget-image\" data-id=\"cdbd062\" data-element_type=\"widget\" data-e-type=\"widget\" data-widget_type=\"image.default\">\n\t\t\t\t<div class=\"elementor-widget-container\">\n\t\t\t\t\t\t\t\t\t\t\t\t\t\t\t<img loading=\"lazy\" decoding=\"async\" width=\"217\" height=\"71\" src=\"https:\/\/cuno-berufskolleg.de\/wp-content\/uploads\/2024\/01\/06.png\" class=\"attachment-large size-large wp-image-3039\" alt=\"\" srcset=\"https:\/\/cuno-berufskolleg.de\/wp-content\/uploads\/2024\/01\/06.png 217w, https:\/\/cuno-berufskolleg.de\/wp-content\/uploads\/2024\/01\/06-18x6.png 18w\" sizes=\"(max-width: 217px) 100vw, 217px\" \/>\t\t\t\t\t\t\t\t\t\t\t\t\t\t\t<\/div>\n\t\t\t\t<\/div>\n\t\t\t\t<div class=\"elementor-element elementor-element-ad65e47 elementor-widget elementor-widget-image\" data-id=\"ad65e47\" data-element_type=\"widget\" data-e-type=\"widget\" data-widget_type=\"image.default\">\n\t\t\t\t<div class=\"elementor-widget-container\">\n\t\t\t\t\t\t\t\t\t\t\t\t\t\t\t<img loading=\"lazy\" decoding=\"async\" width=\"231\" height=\"164\" src=\"https:\/\/cuno-berufskolleg.de\/wp-content\/uploads\/2024\/01\/07.png\" class=\"attachment-large size-large wp-image-3040\" alt=\"\" srcset=\"https:\/\/cuno-berufskolleg.de\/wp-content\/uploads\/2024\/01\/07.png 231w, https:\/\/cuno-berufskolleg.de\/wp-content\/uploads\/2024\/01\/07-18x12.png 18w\" sizes=\"(max-width: 231px) 100vw, 231px\" \/>\t\t\t\t\t\t\t\t\t\t\t\t\t\t\t<\/div>\n\t\t\t\t<\/div>\n\t\t\t\t<div class=\"elementor-element elementor-element-5742c17 elementor-widget elementor-widget-image\" data-id=\"5742c17\" data-element_type=\"widget\" data-e-type=\"widget\" data-widget_type=\"image.default\">\n\t\t\t\t<div class=\"elementor-widget-container\">\n\t\t\t\t\t\t\t\t\t\t\t\t\t\t\t<img loading=\"lazy\" decoding=\"async\" width=\"288\" height=\"87\" src=\"https:\/\/cuno-berufskolleg.de\/wp-content\/uploads\/2024\/01\/08.png\" class=\"attachment-large size-large wp-image-3041\" alt=\"\" srcset=\"https:\/\/cuno-berufskolleg.de\/wp-content\/uploads\/2024\/01\/08.png 288w, https:\/\/cuno-berufskolleg.de\/wp-content\/uploads\/2024\/01\/08-18x5.png 18w\" sizes=\"(max-width: 288px) 100vw, 288px\" \/>\t\t\t\t\t\t\t\t\t\t\t\t\t\t\t<\/div>\n\t\t\t\t<\/div>\n\t\t\t\t<div class=\"elementor-element elementor-element-4d1f89c elementor-widget elementor-widget-image\" data-id=\"4d1f89c\" data-element_type=\"widget\" data-e-type=\"widget\" data-widget_type=\"image.default\">\n\t\t\t\t<div class=\"elementor-widget-container\">\n\t\t\t\t\t\t\t\t\t\t\t\t\t\t\t<img loading=\"lazy\" decoding=\"async\" width=\"163\" height=\"107\" src=\"https:\/\/cuno-berufskolleg.de\/wp-content\/uploads\/2024\/01\/09.png\" class=\"attachment-large size-large wp-image-3042\" alt=\"\" srcset=\"https:\/\/cuno-berufskolleg.de\/wp-content\/uploads\/2024\/01\/09.png 163w, https:\/\/cuno-berufskolleg.de\/wp-content\/uploads\/2024\/01\/09-18x12.png 18w\" sizes=\"(max-width: 163px) 100vw, 163px\" \/>\t\t\t\t\t\t\t\t\t\t\t\t\t\t\t<\/div>\n\t\t\t\t<\/div>\n\t\t\t\t\t<\/div>\n\t\t\t\t<\/div>\n\t\t\t\t<\/div>","protected":false},"excerpt":{"rendered":"<p>Im Schuljahr 2021\/22 hat das Cuno Berufskolleg I zum ersten Mal erfolgreich am Erasmus+ Programm teilgenommen und sowohl Sch\u00fclermobilit\u00e4ten als auch digitale Projekte mit europ\u00e4ischen Partnerorganisationen durchgef\u00fchrt. So bekamen bereits 8 unserer Auszubildenden der Industriemechaniker, Verfahrenstechnologen, Mechatroniker und IT-Systemadministratoren und IT-Kaufleute die M\u00f6glichkeit an einer Mobilit\u00e4t teilzunehmen und verbrachten vier Wochen bei unseren europ\u00e4ischen Partnern [&hellip;]<\/p>\n","protected":false},"author":1,"featured_media":0,"parent":0,"menu_order":0,"comment_status":"closed","ping_status":"closed","template":"","meta":{"footnotes":""},"class_list":["post-37","page","type-page","status-publish","hentry"],"publishpress_future_action":{"enabled":false,"date":"2026-05-07 01:27:04","action":"change-status","newStatus":"draft","terms":[],"taxonomy":"","extraData":[]},"publishpress_future_workflow_manual_trigger":{"enabledWorkflows":[]},"_links":{"self":[{"href":"https:\/\/cuno-berufskolleg.de\/en\/wp-json\/wp\/v2\/pages\/37","targetHints":{"allow":["GET"]}}],"collection":[{"href":"https:\/\/cuno-berufskolleg.de\/en\/wp-json\/wp\/v2\/pages"}],"about":[{"href":"https:\/\/cuno-berufskolleg.de\/en\/wp-json\/wp\/v2\/types\/page"}],"author":[{"embeddable":true,"href":"https:\/\/cuno-berufskolleg.de\/en\/wp-json\/wp\/v2\/users\/1"}],"replies":[{"embeddable":true,"href":"https:\/\/cuno-berufskolleg.de\/en\/wp-json\/wp\/v2\/comments?post=37"}],"version-history":[{"count":5,"href":"https:\/\/cuno-berufskolleg.de\/en\/wp-json\/wp\/v2\/pages\/37\/revisions"}],"predecessor-version":[{"id":4967,"href":"https:\/\/cuno-berufskolleg.de\/en\/wp-json\/wp\/v2\/pages\/37\/revisions\/4967"}],"wp:attachment":[{"href":"https:\/\/cuno-berufskolleg.de\/en\/wp-json\/wp\/v2\/media?parent=37"}],"curies":[{"name":"wp","href":"https:\/\/api.w.org\/{rel}","templated":true}]}}